{"id":6971,"date":"2025-02-25T13:24:27","date_gmt":"2025-02-25T13:24:27","guid":{"rendered":"https:\/\/www.aper.cz\/?post_type=product&#038;p=6971"},"modified":"2025-04-03T06:14:07","modified_gmt":"2025-04-03T06:14:07","slug":"a025-schlusselbandschlussel","status":"publish","type":"product","link":"https:\/\/www.aper.cz\/de\/katalog\/hasici-doplnky\/a025-lanyard-klicenka-hasici\/","title":{"rendered":"A025 - SCHL\u00dcSSELBAND - SCHL\u00dcSSELANH\u00c4NGER - FEUERWEHRLEUTE"},"content":{"rendered":"","protected":false},"excerpt":{"rendered":"<p>Schl\u00fcsselanh\u00e4nger mit Karabinerhaken mit einer Standard-Lanyardbreite von 20 mm.\/n\/n\/nEinfaches Design.<\/p>\n<p>Dieser Schl\u00fcsselanh\u00e4nger ist ideal f\u00fcr jedes Feuerwehrteam, das Schl\u00fcssel, Ausweise oder andere wichtige Dinge immer griffbereit haben m\u00f6chte. Dank der individuellen Gestaltungsm\u00f6glichkeiten k\u00f6nnen Sie den Schl\u00fcsselanh\u00e4nger ganz nach den Bed\u00fcrfnissen Ihres Teams gestalten - mit einem Namensschild, einer Nummer oder einem Logo. Eine praktische und stilvolle Wahl f\u00fcr jedes Teammitglied!<\/p>\n<div class=\"mobilek\">\n<p><b>Verf\u00fcgbare Gr\u00f6\u00dfen:<\/b><br \/>\n<br \/>Breite des Schl\u00fcsselbands: 15 mm,20 mm,25 mm<\/p>\n<\/div>\n<p>Wir gew\u00e4hren individuelle Mengenrabatte.<\/p>","protected":false},"featured_media":6972,"template":"","meta":{"_acf_changed":false},"product_brand":[],"product_cat":[60],"product_tag":[],"class_list":{"0":"post-6971","1":"product","2":"type-product","3":"status-publish","4":"has-post-thumbnail","6":"product_cat-hasici-doplnky","8":"first","9":"onbackorder","10":"featured","11":"virtual","12":"purchasable","13":"product-type-simple"},"acf":[],"_links":{"self":[{"href":"https:\/\/www.aper.cz\/de\/wp-json\/wp\/v2\/product\/6971","targetHints":{"allow":["GET"]}}],"collection":[{"href":"https:\/\/www.aper.cz\/de\/wp-json\/wp\/v2\/product"}],"about":[{"href":"https:\/\/www.aper.cz\/de\/wp-json\/wp\/v2\/types\/product"}],"wp:featuredmedia":[{"embeddable":true,"href":"https:\/\/www.aper.cz\/de\/wp-json\/wp\/v2\/media\/6972"}],"wp:attachment":[{"href":"https:\/\/www.aper.cz\/de\/wp-json\/wp\/v2\/media?parent=6971"}],"wp:term":[{"taxonomy":"product_brand","embeddable":true,"href":"https:\/\/www.aper.cz\/de\/wp-json\/wp\/v2\/product_brand?post=6971"},{"taxonomy":"product_cat","embeddable":true,"href":"https:\/\/www.aper.cz\/de\/wp-json\/wp\/v2\/product_cat?post=6971"},{"taxonomy":"product_tag","embeddable":true,"href":"https:\/\/www.aper.cz\/de\/wp-json\/wp\/v2\/product_tag?post=6971"}],"curies":[{"name":"wp","href":"https:\/\/api.w.org\/{rel}","templated":true}]}}